{"id":7,"date":"2025-05-09T14:46:09","date_gmt":"2025-05-09T12:46:09","guid":{"rendered":"http:\/\/localhost\/bildung\/wordpress\/?page_id=7"},"modified":"2025-12-17T13:32:46","modified_gmt":"2025-12-17T12:32:46","slug":"header","status":"publish","type":"page","link":"https:\/\/www.bildungsberatung-vorarlberg.at\/wordpress\/","title":{"rendered":"Onepager Bildungsberatung"},"content":{"rendered":"<p><!-- 1. NAVIGATION, KONTRAST, FARBEN: NICHT \u00c4NDERN -------------------------------------><br \/>\n    <!-- 1.1. BANNER MIT EINSTELLUNGEN (KONTRAST, SCHRIFT) -----------------------------------><br \/>\n    <span id=\"top\"><\/span><\/p>\n<figure class=\"wp-first-image size-full\">\n    <img decoding=\"async\" src=\"https:\/\/www.bildungsberatung-vorarlberg.at\/wordpress\/wp-content\/uploads\/2025\/06\/bannerok.png\"\n         id=\"banner\" usemap=\"#m_bannermap\" alt=\"Banner\"><br \/>\n<\/figure>\n<map name=\"m_bannermap\" id=\"m_bannermap\">\n<area shape=\"rect\" coords=\"87,46,413,228\" href=\"#\" alt=\"\" \/>\n<area shape=\"rect\" coords=\"1343,75,1390,210\"  href=\"javascript:kontrast(1);\"\n          title=\"Kontrast: gro\u00df\" \/><\/p>\n<area shape=\"rect\" coords=\"1390,75,1440,210\" href=\"javascript:kontrast(2);\"\n          title=\"Kontrast: sehr gro\u00df\" \/><\/p>\n<area shape=\"rect\" coords=\"1441,75,1493,210\" href=\"javascript:kontrast(0);\"\n          title=\"Kontrast: normal\" \/><\/p>\n<area shape=\"rect\" coords=\"1505,75,1544,211\"\n          href=\"javascript:littlefont(-1);\"\n          title=\"kleinere Schrift\" \/><\/p>\n<area shape=\"rect\" coords=\"1547,75,1587,211\" href=\"javascript:littlefont(0);\"\n          title=\"Standardschriftgr\u00f6\u00dfe\" \/><\/p>\n<area shape=\"rect\" coords=\"1588,75,1641,211\" href=\"javascript:littlefont(1);\"\n          title=\"gr\u00f6\u00dfere Schrift\" \/><br \/>\n<\/map>\n<p><!-- 1.2 NAVIGATION -----------------------------------------------------------------><\/p>\n<figure class=\"wp-first-image size-full\">\n    <img decoding=\"async\" src=\"https:\/\/www.bildungsberatung-vorarlberg.at\/wordpress\/wp-content\/uploads\/2025\/06\/navigation.jpg\"\n         title=\"Men\u00fc1\" alt=\"Men\u00fc1\" usemap=\"#m_menumap\"\"><br \/>\n<\/figure>\n<map name=\"m_menumap\" id=\"m_menumap\">\n<area shape=\"circle\" coords=\"222,150,110\" href=\"#beratung\"\n          title=\"Beratung f\u00fcr Erwachsene\" \/><\/p>\n<area shape=\"circle\" coords=\"487,150,110\" href=\"#kompetenz\"\n          title=\"Kompetenz+Beratung\" \/><\/p>\n<area shape=\"circle\" coords=\"752,150,110\" href=\"#migrantinnen\"\n          title=\"Migrantinnenberatung\" \/><\/p>\n<area shape=\"circle\" coords=\"1017,150,110\" href=\"#telefonberatung\"\n          title=\"Beratungstelefon\" \/><\/p>\n<area shape=\"circle\" coords=\"1282,150,110\" href=\"#onlineberatung\"\n          title=\"Onlineberatung\" \/><\/p>\n<area shape=\"circle\" coords=\"1547,150,110\" href=\"#netzwerkpartner\"\n          title=\"Netzwerkpartner\" \/><br \/>\n<\/map>\n<p><!-- 2. VORSTELLUNG --><br \/>\n    <!-- 2.1 HILFSLINIE - SO BELASSEN --><\/p>\n<figure class=\"wp-first-image size-full\">\n    <img decoding=\"async\" style=\"height:0.01px;width:100% !important; display: block !important\" src=\"https:\/\/www.bildungsberatung-vorarlberg.at\/wordpress\/wp-content\/uploads\/2025\/07\/linie.png\" alt=\"\" usemap=\"#m_beratungmap\" class=\"wp-image-59 vollbreit\" style=\"color:red !important\"\/><br \/>\n<\/figure>\n<\/div>\n<map name=\"m_beratungmap\" id=\"m_beratungmap\">\n<area shape=\"rect\" coords=\"1567,60,1698,181\" href=\"#top\" alt=\"Top\">\n<\/map>\n<p><!-- Spaltenaufbau --><\/p>\n\n\n<div class=\"wp-block-columns indentblock is-layout-flex wp-container-core-columns-is-layout-28232c24 wp-block-columns-is-layout-flex\">\n<div class=\"wp-block-column is-layout-flow wp-block-column-is-layout-flow\">\n<p style=\"padding-top:0;padding-right:0;padding-bottom:0;padding-left:0\"><\/p>\n\n\n\n<h3 class=\"wp-block-heading is-style-default\" style=\"padding-right:0;padding-left:0\">Was wir bieten<\/h3>\n\n\n\n<p style=\"padding-top:0;padding-right:0;padding-bottom:0;padding-left:0\">Die Bildungsberatung Vorarlberg bietet Ihnen kostenlose und anbieterneutrale Beratungen in den verschiedensten Formen zu den Themen Bildung und Beruf in Vorarlberg.<\/p>\n<\/div>\n\n\n\n<div class=\"wp-block-column is-layout-flow wp-block-column-is-layout-flow\">\n<p style=\"padding-top:0;padding-right:0;padding-bottom:0;padding-left:0\"><\/p>\n\n\n\n<h3 class=\"wp-block-heading\">Wer wir sind<\/h3>\n\n\n\n<p style=\"padding-top:0;padding-right:0;padding-bottom:0;padding-left:0\">Dem Netzwerk der Bildungsberatung Vorarlberg geh\u00f6ren das BIFO, die Wirtschaftskammer, die Arbeiterkammer, das FEMAIL und das AMS an. Der fachliche Austausch zwischen den Institutionen dient dazu, die Angebote und Leistungen f\u00fcr die Ratsuchenden laufend zu optimieren.<br><br><\/p>\n<\/div>\n<\/div>\n\n\n\n<p><\/p>\n\n\n\n<p><\/p>\n\n\n<p><!-- 3 BERATUNG F\u00dcR ERWACHSENE -----------------------------------------------------------------><br \/>\n    <!-- 3.1 GRAFIK --><\/p>\n<figure class=\"wp-first-image size-full\">\n    <img decoding=\"async\" id=\"beratung\" style=\"width:100% !important; display: block !important\" src=\"https:\/\/www.bildungsberatung-vorarlberg.at\/wordpress\/wp-content\/uploads\/2025\/06\/beratung.jpg\" id=\"navigation\" width=\"100%x\"\n         title=\"Men\u00fc\" alt=\"Men\u00fc\" usemap=\"#m_beratungmap\" width=\"100%\"><br \/>\n<\/figure>\n<p><!--figure class=\"wp-first-image size-full\">\n  <img decoding=\"async\" src=\"https:\/\/www.bildungsberatung-vorarlberg.at\/wordpress\/wordpress\/wp-content\/uploads\/2025\/06\/beratung.jpg\"\n  id=\"navigation\" width=\"100%\" title=\"Men\u00fc\" alt=\"Men\u00fc\" usemap=\"#m_menumap\" width=\"100%\">\n<\/figure-->\n<map name=\"m_beratungmap\" id=\"m_beratungmap\">\n<area shape=\"rect\" coords=\"1567,60,1698,181\" href=\"#top\" alt=\"Top\">\n    <\/map>\n\n\n<h1 class=\"wp-block-heading beratungcolor\" style=\"padding-right:0;padding-left:0\">Beratung f\u00fcr Erwachsene<\/h1>\n\n\n\n<h2 class=\"wp-block-heading beratungcolor\" style=\"padding-right:0;padding-left:0\">Ein Angebot des BIFO<\/h2>\n\n\n<p><!-- 3.2 INHALT --><br \/>\n    <!-- 3.2.1 LINKE SPALTE --><\/p>\n\n\n<div class=\"wp-block-columns indentblock is-layout-flex wp-container-core-columns-is-layout-a5331a9e wp-block-columns-is-layout-flex\" style=\"padding-top:0;padding-right:0;padding-bottom:0;padding-left:0\">\n<div class=\"wp-block-column is-layout-flow wp-block-column-is-layout-flow\">\n<p>Bildungs- und Berufsberater:innen unterst\u00fctzen Sie in Ihrer beruflichen Entwicklung und Laufbahn und stehen f\u00fcr alle Fragen der Ausbildung, Weiterbildung und beruflichen Ver\u00e4nderungen gerne zur Verf\u00fcgung. Unsere Leistungen sind vertraulich und unterliegen der Schweigepflicht.<br><\/p>\n\n\n\n<p><strong>Beraten im BIFO hei\u00dft, gemeinsam entwickeln und herausfinden:<\/strong><\/p>\n\n\n\n<ul class=\"wp-block-list\">\n<li>Welche Perspektiven und Ideen ergeben sich daraus?<\/li>\n\n\n\n<li>Wie kann ich meinen beruflichen Umstieg, Aufstieg oder Wiedereinstieg gestalten?<\/li>\n\n\n\n<li>Welche Aus- und Weiterbildungsm\u00f6glichkeiten gibt es f\u00fcr mich?<\/li>\n\n\n\n<li>Was brauche ich noch, um mich zu entscheiden?<\/li>\n\n\n\n<li>Wie k\u00f6nnen meine weiteren Schritte ausschauen?<\/li>\n<\/ul>\n<\/div>\n\n\n\n<div class=\"wp-block-column is-layout-flow wp-block-column-is-layout-flow\">\n<h3 class=\"wp-block-heading is-style-default\" style=\"padding-right:0;padding-left:0\">ABLAUF<\/h3>\n\n\n\n<p>Zu Beginn kl\u00e4ren Sie mit uns Ihre Situation ab. Gemeinsam legen wir das weitere Vorgehen fest. Je nach Fragestellung arbeiten wir mit unterschiedlichen Hilfsmitteln, wie zum Beispiel Interessenstests.<\/p>\n\n\n\n<h3 class=\"wp-block-heading\">Wir beraten Sie da, wo Sie gerade sind <\/h3>\n\n\n\n<ul class=\"wp-block-list phone\">\n<li>Kontaktieren Sie uns, um einen Termin f\u00fcr ein kostenloses telefonisches oder virtuelles (Videotelefonie) Beratungsgespr\u00e4ch zu vereinbaren!<\/li>\n\n\n\n<li>Auch Interessens- oder Neigungstests k\u00f6nnen wir nun online anbieten.<\/li>\n\n\n\n<li>Pers\u00f6nliche Beratungen in unseren R\u00e4umlichkeiten in Dornbirn und Feldkirch finden sobald wie m\u00f6glich wieder statt.<br><br><\/li>\n<\/ul>\n<\/div>\n\n\n\n<div class=\"wp-block-column is-layout-flow wp-block-column-is-layout-flow\">\n<h3 class=\"wp-block-heading\" style=\"padding-right:0;padding-left:0\">KONTAKT<\/h3>\n\n\n\n<p style=\"padding-right:0;padding-left:0\"><strong>T 05572 317 17<br><strong><a href=\"mailto:info@bifo.at\">info@bifo.at<\/a><br><a href=\"http:\/\/www.bifo.at\/\" target=\"_blank\" rel=\"noreferrer noopener\">www.bifo.at<\/a><\/strong><\/strong><br><a href=\"http:\/\/www.bifo.at\/\" target=\"_blank\" rel=\"noreferrer noopener\"><\/a><\/p>\n\n\n\n<figure class=\"wp-block-image size-full is-resized\" style=\"margin-right:0;margin-left:0\"><img loading=\"lazy\" decoding=\"async\" width=\"168\" height=\"112\" src=\"https:\/\/www.bildungsberatung-vorarlberg.at\/wordpress\/wp-content\/uploads\/2025\/06\/bifo-1.gif\" alt=\"\" class=\"wp-image-89\" style=\"width:180px\"\/><\/figure>\n<\/div>\n<\/div>\n\n\n\n<p><\/p>\n\n\n\n<p style=\"margin-top:var(--wp--preset--spacing--20);margin-right:0;margin-bottom:var(--wp--preset--spacing--20);margin-left:0\"><\/p>\n\n\n<p><!-- 4. KOMPETENZ ----------------------------------------------------------------><br \/>\n    <!-- 4.1 GRAFIK --><\/p>\n<figure class=\"wp-first-image size-full\">\n    <img loading=\"lazy\" decoding=\"async\" width=\"1758\" height=\"852\" id=\"kompetenz\" usemap=\"#m_kompetenzmap\" src=\"https:\/\/www.bildungsberatung-vorarlberg.at\/wordpress\/wp-content\/uploads\/2025\/06\/kompetenz.jpg\" alt=\"\" class=\"wp-image-92\"\/><\/figure>\n<map name=\"m_kompetenzmap\" id=\"m_kompetenzmap\">\n<area shape=\"rect\" coords=\"1567,60,1698,181\" href=\"#top\" alt=\"Top\">\n<\/map>\n\n\n<h1 class=\"wp-block-heading kompetenzcolor\" style=\"padding-right:0;padding-left:0\">Kompetenz + Beratung<\/h1>\n\n\n\n<h2 class=\"wp-block-heading kompetenzcolor\" style=\"padding-right:0;padding-left:0\">Ein Angebot des BIFO<\/h2>\n\n\n<p><!-- 4.2.1 LINKE SPALTE --><\/p>\n\n\n<div class=\"wp-block-columns indentblock is-layout-flex wp-container-core-columns-is-layout-a5331a9e wp-block-columns-is-layout-flex\" style=\"padding-top:0;padding-right:0;padding-bottom:0;padding-left:0\">\n<div class=\"wp-block-column is-layout-flow wp-block-column-is-layout-flow\">\n<h3 class=\"wp-block-heading\">Workshop \u201eStark in deine Zukunft&#8220;<\/h3>\n\n\n\n<p>\u201eFinde deine St\u00e4rken, entdecke deine M\u00f6glichkeiten&#8220;<\/p>\n\n\n\n<p>M\u00f6chten Sie endlich Klarheit \u00fcber Ihre Kompetenzen, St\u00e4rken und Vorlieben gewinnen? Unser kostenloser Workshop \u201eStark in deine Zukunft&#8220; l\u00e4dt Sie ein, die T\u00fcren f\u00fcr neue M\u00f6glichkeiten mutig und weit zu \u00f6ffnen!<\/p>\n\n\n\n<p>In einer fachlich angeleiteten Kleingruppe mit max. 6 Personen lernen Sie sich selbst kennen &#8211; Ihre ganz pers\u00f6nliche Mischung von Kompetenzen, St\u00e4rken und Vorlieben. Sie gewinnen Motivation und Selbstvertrauen f\u00fcr Ihre berufliche Neuausrichtung oder Weiterentwicklung.<\/p>\n\n\n\n<p>W\u00e4hlen Sie zwischen einem Pr\u00e4senzworkshop mit zwei Einheiten \u00e0 4 Stunden oder einem virtuellen Abend-Workshop mit zwei Einheiten \u00e0 2 Stunden. Beim virtuellen Abend-Workshop haben Sie die Flexibilit\u00e4t, ausgew\u00e4hlte Aufgaben zwischen den Sitzungen zu erledigen und sollten daf\u00fcr etwa 1-2 Stunden einplanen. W\u00e4hrend des Workshops werden Ihnen wertvolle Werkzeuge vermittelt, die Sie bei diesen Aufgaben unterst\u00fctzen und die Selbstreflexion erleichtern. <\/p>\n\n\n\n<p>Workshop \u201eStark in deine Zukunft&#8220;<\/p>\n\n\n\n<p>\u201eFinde deine St\u00e4rken, entdecke deine M\u00f6glichkeiten&#8220;<\/p>\n\n\n\n<p>M\u00f6chten Sie endlich Klarheit \u00fcber Ihre Kompetenzen, St\u00e4rken und Vorlieben gewinnen? Unser kostenloser Workshop \u201eStark in deine Zukunft&#8220; l\u00e4dt Sie ein, die T\u00fcren f\u00fcr neue M\u00f6glichkeiten mutig und weit zu \u00f6ffnen!<\/p>\n\n\n\n<p>In einer fachlich angeleiteten Kleingruppe mit max. 6 Personen lernen Sie sich selbst kennen &#8211; Ihre ganz pers\u00f6nliche Mischung von Kompetenzen, St\u00e4rken und Vorlieben. Sie gewinnen Motivation und Selbstvertrauen f\u00fcr Ihre berufliche Neuausrichtung oder Weiterentwicklung.<\/p>\n\n\n\n<p>W\u00e4hlen Sie zwischen einem Pr\u00e4senzworkshop mit zwei Einheiten \u00e0 4 Stunden oder einem virtuellen Abend-Workshop mit zwei Einheiten \u00e0 2 Stunden. Beim virtuellen Abend-Workshop haben Sie die Flexibilit\u00e4t, ausgew\u00e4hlte Aufgaben zwischen den Sitzungen zu erledigen und sollten daf\u00fcr etwa 1-2 Stunden einplanen. W\u00e4hrend des Workshops werden Ihnen wertvolle Werkzeuge vermittelt, die Sie bei diesen Aufgaben unterst\u00fctzen und die Selbstreflexion erleichtern.<\/p>\n\n\n\n<p>Der zweiteilige Workshop bildet die Basis f\u00fcr eine individuelle Einzelberatung im BIFO, bei der Sie ma\u00dfgeschneiderte Unterst\u00fctzung f\u00fcr Ihren Ver\u00e4nderungsprozess erhalten. Wie k\u00f6nnte Ihr n\u00e4chster Schritt aussehen&#8230;?<br><br><\/p>\n<\/div>\n\n\n\n<div class=\"wp-block-column is-layout-flow wp-block-column-is-layout-flow\">\n<h3 class=\"wp-block-heading\">WO?<\/h3>\n\n\n\n<p>Die Workshops finden virtuell oder in Pr\u00e4senz im bfi der AK in Feldkirch bzw. im WIFI in Dornbirn, Einzelberatungen im BIFO in Feldkirch bzw. in Dornbirn statt.<\/p>\n\n\n\n<h3 class=\"wp-block-heading\">DAUER<\/h3>\n\n\n\n<p>Workshops: 2 Halbtage zu jeweils 4 Stunden (virtuelle Workshops jeweils 2 Stunden + Aufgaben). Anschlie\u00dfende pers\u00f6nliche Beratung im BIFO (ebenfalls kostenlos)<\/p>\n\n\n\n<p>Die konkreten Termine finden Sie unter<br><a href=\"https:\/\/www.bifo.at\/fileadmin\/documents\/pdf\/KompetenzBeratung.pdf\" target=\"_blank\" rel=\"noreferrer noopener\">Termine (Download)<\/a><\/p>\n<\/div>\n\n\n\n<div class=\"wp-block-column is-layout-flow wp-block-column-is-layout-flow\">\n<h3 class=\"wp-block-heading\" style=\"padding-right:0;padding-left:0\">KONTAKT<\/h3>\n\n\n\n<p style=\"padding-right:0;padding-left:0\">T 05572 317 17<br><strong><a href=\"mailto:info@bifo.at\">info@bifo.at<\/a><br><a href=\"http:\/\/www.bifo.at\/\" target=\"_blank\" rel=\"noreferrer noopener\">www.bifo.at<\/a><\/strong><br><br><a href=\"http:\/\/www.bifo.at\/\" target=\"_blank\" rel=\"noreferrer noopener\"><\/a><\/p>\n\n\n\n<figure class=\"wp-block-image size-full is-resized\" style=\"margin-right:0;margin-left:0\"><img loading=\"lazy\" decoding=\"async\" width=\"192\" height=\"251\" src=\"https:\/\/www.bildungsberatung-vorarlberg.at\/wordpress\/wp-content\/uploads\/2025\/06\/logo_kompetenzberatung.jpg\" alt=\"\" class=\"wp-image-93\" style=\"width:146px;height:auto\"\/><\/figure>\n<\/div>\n<\/div>\n\n\n<p><!-- 5. MIGRANTINNEN --><br \/>\n    <!-- 5.1 GRAFIK --><\/p>\n<figure class=\"wp-first-image size-full\">\n    <img loading=\"lazy\" decoding=\"async\" width=\"1758\" height=\"857\" id=\"migrantinnen\" src=\"https:\/\/www.bildungsberatung-vorarlberg.at\/wordpress\/wp-content\/uploads\/2025\/06\/migrantinnen.jpg?v=1\" usemap=\"#m_migrantinnenmap\" alt=\"\" class=\"wp-image-94\"\/><\/figure>\n<map name=\"m_migrantinnenmap\" id=\"m_migrantinnenmap\">\n<area shape=\"rect\" coords=\"1567,60,1698,181\" href=\"#top\" alt=\"Top\">\n<\/map>\n\n\n<h1 class=\"wp-block-heading migrantencolor\" style=\"padding-right:0;padding-left:0\">Migrantinnenberatung<\/h1>\n\n\n\n<h2 class=\"wp-block-heading migrantencolor\" style=\"padding-right:0;padding-left:0\">EIN ANGEBOT DER FRAUENBERATUNG VORARLBERG.<\/h2>\n\n\n<p><!-- 5.2.1 LINKE SPALTE --><\/p>\n\n\n<div class=\"wp-block-columns indentblock is-layout-flex wp-container-core-columns-is-layout-a5331a9e wp-block-columns-is-layout-flex\" style=\"padding-top:0;padding-right:0;padding-bottom:0;padding-left:0\">\n<div class=\"wp-block-column is-layout-flow wp-block-column-is-layout-flow\">\n<p><strong>femail richtet sich im Rahmen des Netzwerks Bildungsberatung Vorarlberg speziell an Frauen mit migrantischem Hintergrund, die schon l\u00e4nger in \u00d6sterreich leben oder gerade zugewandert sind.<\/strong><\/p>\n\n\n\n<p><strong>femail bietet Beratung f\u00fcr<\/strong><\/p>\n\n\n\n<ul class=\"wp-block-list\">\n<li>Frauen mit Fragen zu Bildung und Qualifizierung<\/li>\n\n\n\n<li>Frauen mit Fragen zur beruflichen Integration<\/li>\n\n\n\n<li>Frauen mit famili\u00e4ren und sozialrechtlichen Anliegen<\/li>\n\n\n\n<li>Frauen in schwierigen existenziellen Situationen<\/li>\n\n\n\n<li>Frauen mit Fragen zu ihrer Gesundheit und zur regionalen Gesundheitsversorgung<\/li>\n<\/ul>\n<\/div>\n\n\n\n<div class=\"wp-block-column is-layout-flow wp-block-column-is-layout-flow\">\n<h3 class=\"wp-block-heading\">WIE?<\/h3>\n\n\n\n<p>Wir beraten auf <a href=\"https:\/\/www.femail.at\/img-inhalt\/broschueren-pdf\/fem_bildung-und-beruf_2025_DE_v04_web.pdf\"><strong>Deutsch<\/strong><\/a> und <a href=\"http:\/\/www.femail.at\/img-inhalt\/broschueren-pdf\/fem_bildung-und-beruf_2025_TR_v03_web.pdf\"><strong>T\u00fcrkisch<\/strong><\/a>. Nach Absprache k\u00f6nnen wir f\u00fcr weitere Sprachen eine Dolmetscherin f\u00fcr das Beratungsgespr\u00e4ch hinzuziehen.<\/p>\n\n\n\n<h3 class=\"wp-block-heading\">WO?<\/h3>\n\n\n\n<p>Unsere Beratungen finden in <strong>Feldkirch<\/strong> und in <strong>Lustenau<\/strong> statt.<\/p>\n\n\n\n<p>Weitere Informationen finden Sie unter<br><a href=\"http:\/\/www.femail.at\/\" target=\"_blank\" rel=\"noreferrer noopener\">www.femail.at<\/a><\/p>\n<\/div>\n\n\n\n<div class=\"wp-block-column is-layout-flow wp-block-column-is-layout-flow\">\n<h3 class=\"wp-block-heading\" style=\"padding-right:0;padding-left:0\">KONTAKT<\/h3>\n\n\n\n<p style=\"padding-right:0;padding-left:0\"><strong>femail<\/strong> <strong>Feldkirch<\/strong><br>Schlo\u00dfgraben 10<br>6800 Feldkirch<br><br>T 05522 31002<br>T 05522 31002-18 (T\u00fcrkisch)<br><a href=\"mailto:info@femail.at\">info@femail.at<\/a><br><\/p>\n\n\n\n<p style=\"padding-right:0;padding-left:0\"><strong>femail<\/strong> <strong>Aussenstelle Lustenau<\/strong><br>Holzstra\u00dfe 8<br>6890 Lustenau<br><a href=\"mailto:info@femail.at\">lustenau@femail.at<\/a><br><\/p>\n\n\n\n<img loading=\"lazy\" decoding=\"async\" width=\"285\" height=\"112\" src=\"https:\/\/www.bildungsberatung-vorarlberg.at\/wordpress\/wp-content\/uploads\/2025\/06\/femail.gif\" alt=\"\" class=\"wp-image-90\" style=\"width:200px\"\/>\n<\/div>\n<\/div>\n\n\n<p><!-- 6. TELEFONBERATUNG --><br \/>\n    <!-- 6.1 GRAFIK --><\/p>\n<figure class=\"wp-first-image size-full\">\n    <img loading=\"lazy\" decoding=\"async\" width=\"1758\" height=\"868\" id=\"telefonberatung\" src=\"https:\/\/www.bildungsberatung-vorarlberg.at\/wordpress\/wp-content\/uploads\/2025\/06\/telefonberatung.jpg\" usemap=\"#m_telefonberatungmap\" alt=\"\" class=\"wp-image-98\"\/><\/figure>\n<map name=\"m_telefonberatungmap\" id=\"m_telefonberatungmap\">\n<area shape=\"rect\" coords=\"1567,60,1698,181\" href=\"#top\" alt=\"Top\">\n<\/map>\n\n\n<h1 class=\"wp-block-heading telefoncolor\" style=\"padding-right:0;padding-left:0\">Beratungstelefon<\/h1>\n\n\n\n<h2 class=\"wp-block-heading telefoncolor\" style=\"padding-right:0;padding-left:0\">EIN ANGEBOT DES NETZWERKS<br>BILDUNGSBERATUNG VORARLBERG<\/h2>\n\n\n<p><!-- 6.2.1 LINKE SPALTE --><\/p>\n\n\n<div class=\"wp-block-columns indentblock is-layout-flex wp-container-core-columns-is-layout-a5331a9e wp-block-columns-is-layout-flex\" style=\"padding-top:0;padding-right:0;padding-bottom:0;padding-left:0\">\n<div class=\"wp-block-column is-layout-flow wp-block-column-is-layout-flow\">\n<p><strong>Ein\/e Bildungs- und Berufsberater\/in des BIFO bietet Ihnen eine geb\u00fchrenfreie Beratung zu Weiterbildung, zweitem Bildungsweg und allen sonstigen beruflichen Fragen.<\/strong><\/p>\n<\/div>\n\n\n\n<div class=\"wp-block-column is-layout-flow wp-block-column-is-layout-flow\">\n<p><strong>Die Sprechzeiten<\/strong><br>des Beratungstelefons sind von Montag bis Donnerstag von 14:00 bis 17:00 Uhr.<\/p>\n<\/div>\n\n\n\n<div class=\"wp-block-column is-layout-flow wp-block-column-is-layout-flow\">\n<h3 class=\"wp-block-heading\" style=\"padding-right:0;padding-left:0\">KONTAKT<\/h3>\n\n\n\n<p style=\"padding-right:0;padding-left:0\"><strong>Rufen Sie uns an<br>T 0800 010204<\/strong><br><br><a href=\"http:\/\/www.bifo.at\/\" target=\"_blank\" rel=\"noreferrer noopener\"><\/a><\/p>\n\n\n\n<figure class=\"wp-block-image size-full is-resized\" style=\"margin-right:0;margin-left:0\"><img loading=\"lazy\" decoding=\"async\" width=\"168\" height=\"112\" src=\"https:\/\/www.bildungsberatung-vorarlberg.at\/wordpress\/wp-content\/uploads\/2025\/06\/bifo-1.gif\" alt=\"\" class=\"wp-image-89\" style=\"width:180px\"\/><\/figure>\n<\/div>\n<\/div>\n\n\n<p><!-- 7. ONLINEBERATUNG --><br \/>\n    <!-- 7.1 GRAFIK --><\/p>\n<figure class=\"wp-first-image size-full\">\n    <img loading=\"lazy\" decoding=\"async\" width=\"1758\" height=\"868\" id=\"onlineberatung\" src=\"https:\/\/www.bildungsberatung-vorarlberg.at\/wordpress\/wp-content\/uploads\/2025\/06\/onlineberatung.jpg\" usemap=\"#m_onlineberatungmap\" alt=\"\" class=\"wp-image-97\"\/><\/figure>\n<map name=\"m_onlineberatungmap\" id=\"m_onlineberatungmap\">\n<area shape=\"rect\" coords=\"1567,60,1698,181\" href=\"#top\" alt=\"Top\">\n<\/map>\n\n\n<h1 class=\"wp-block-heading onlinecolor\" style=\"padding-right:0;padding-left:0\">Onlineberatung<\/h1>\n\n\n\n<h2 class=\"wp-block-heading onlinecolor\" style=\"padding-right:0;padding-left:0\">EIN ANGEBOT DES NETZWERKS<br>BILDUNGSBERATUNG VORARLBERG<\/h2>\n\n\n<p><!-- 7.2.1 LINKE SPALTE --><\/p>\n\n\n<div class=\"wp-block-columns indentblock is-layout-flex wp-container-core-columns-is-layout-a5331a9e wp-block-columns-is-layout-flex\" style=\"padding-top:0;padding-right:0;padding-bottom:0;padding-left:0\">\n<div class=\"wp-block-column is-layout-flow wp-block-column-is-layout-flow\">\n<p><strong><strong>Ein:e Bildungs- und Berufsberater:in des BIFO bietet Ihnen eine Onlineberatung zu Weiterbildung, zweitem Bildungsweg und allen sonstigen beruflichen Fragen.<\/strong><\/strong><\/p>\n<\/div>\n\n\n\n<div class=\"wp-block-column is-layout-flow wp-block-column-is-layout-flow\">\n<h3 class=\"wp-block-heading\" style=\"padding-right:0;padding-left:0\">KONTAKT<\/h3>\n\n\n\n<p style=\"padding-right:0;padding-left:0\"><a href=\"https:\/\/www.bifo.at\/beratung\/onlineberatung\/\" target=\"_blank\" rel=\"noreferrer noopener\"><strong>https:\/\/www.bifo.at\/beratung\/onlineberatung\/<\/strong><\/a><br><a href=\"http:\/\/www.bifo.at\/\" target=\"_blank\" rel=\"noreferrer noopener\"><\/a><\/p>\n\n\n\n<figure class=\"wp-block-image size-full is-resized\" style=\"margin-right:0;margin-left:0\"><img loading=\"lazy\" decoding=\"async\" width=\"168\" height=\"112\" src=\"https:\/\/www.bildungsberatung-vorarlberg.at\/wordpress\/wp-content\/uploads\/2025\/06\/bifo-1.gif\" alt=\"\" class=\"wp-image-89\" style=\"width:180px\"\/><\/figure>\n<\/div>\n<\/div>\n\n\n<p><!-- 8 ONLINEBERATUNG ------------------------------------------------------------><br \/>\n    <!-- 8.1 GRAFIK --><\/p>\n<figure class=\"wp-first-image size-full\">\n    <img loading=\"lazy\" decoding=\"async\" width=\"1758\" height=\"868\" id=\"netzwerkpartner\" src=\"https:\/\/www.bildungsberatung-vorarlberg.at\/wordpress\/wp-content\/uploads\/2025\/06\/netzwerkpartner.jpg\" usemap=\"#m_netzwerkpartnermap\" alt=\"\" class=\"wp-image-96\"\/><\/figure>\n<map name=\"m_netzwerkpartnermap\" id=\"m_netzwerkpartnermap\">\n<area shape=\"rect\" coords=\"1567,60,1698,181\" href=\"#top\" alt=\"Top\"><\/map>\n\n\n<h1 class=\"wp-block-heading netzwerkcolor\" style=\"padding-right:0;padding-left:0\">Netzwerkpartner<\/h1>\n\n\n\n<div class=\"wp-block-columns indentblock is-layout-flex wp-container-core-columns-is-layout-a5331a9e wp-block-columns-is-layout-flex\" style=\"padding-top:0;padding-right:0;padding-bottom:0;padding-left:0\">\n<div class=\"wp-block-column is-layout-flow wp-block-column-is-layout-flow\">\n<figure class=\"wp-block-image size-full is-resized\"><img loading=\"lazy\" decoding=\"async\" width=\"168\" height=\"112\" src=\"https:\/\/www.bildungsberatung-vorarlberg.at\/wordpress\/wp-content\/uploads\/2025\/06\/bifo-1.gif\" alt=\"\" class=\"wp-image-89\" style=\"width:180px\"\/><\/figure>\n\n\n\n<p><strong><strong><strong><strong><strong>BIFO \u2013 Beratung f\u00fcr Bildung und Beruf<\/strong><\/strong><\/strong><br><\/strong><\/strong>Bahnhofstra\u00dfe 24<br>6850 Dornbirn<strong><strong><br>T&nbsp;<\/strong><\/strong>05572 31717<strong><strong><br>E&nbsp;<small><a href=\"mailto:info@bildungsberatung-vorarlberg.at\">info@bifo.at<\/a><\/small><\/strong><\/strong><br><br><\/p>\n\n\n\n<figure class=\"wp-block-image size-full is-resized\"><img loading=\"lazy\" decoding=\"async\" width=\"214\" height=\"72\" src=\"https:\/\/www.bildungsberatung-vorarlberg.at\/wordpress\/wp-content\/uploads\/2025\/06\/ak.gif\" alt=\"\" class=\"wp-image-234\" style=\"width:180px\"\/><\/figure>\n\n\n\n<p><strong>Arbeiterkammer Vorarlberg<\/strong><br>Widnau 2-4<br>6800 Feldkirch<br>T 050 258<br><strong>E&nbsp;<\/strong><small><a href=\"mailto:kontakt@ak-vorarlberg.at\"><strong>kontakt@ak-vorarlberg.at<\/strong><\/a><\/small><\/p>\n<\/div>\n\n\n\n<div class=\"wp-block-column is-layout-flow wp-block-column-is-layout-flow\">\n<figure class=\"wp-block-image size-full is-resized\"><img loading=\"lazy\" decoding=\"async\" width=\"205\" height=\"112\" src=\"https:\/\/www.bildungsberatung-vorarlberg.at\/wordpress\/wp-content\/uploads\/2025\/06\/wko.gif\" alt=\"\" class=\"wp-image-99\" style=\"width:180px\"\/><\/figure>\n\n\n\n<p><strong>Wirtschaftskammer Vorarlberg<\/strong><br>Wichnergasse 9<br>6800 Feldkirch<br><strong>T<\/strong>&nbsp;05522 305<br><strong>E&nbsp;<small><a href=\"mailto:info@wkv.at\">info@wkv.at<\/a><\/small><\/strong><br><br><\/p>\n\n\n\n<figure class=\"wp-block-image size-full is-resized\"><img loading=\"lazy\" decoding=\"async\" width=\"226\" height=\"112\" src=\"https:\/\/www.bildungsberatung-vorarlberg.at\/wordpress\/wp-content\/uploads\/2025\/06\/ams-1.gif\" alt=\"\" class=\"wp-image-86\" style=\"width:180px\"\/><\/figure>\n\n\n\n<p><strong>Arbeitsmarktservice Vorarlberg<\/strong><br>Rheinstra\u00dfe 33<br>6900 Bregenz<br><strong>T<\/strong>&nbsp;05574 691<br><strong>E&nbsp;<small><a href=\"mailto:ams.vorarlberg@ams.at\">ams.vorarlberg@ams.at<\/a><\/small><\/strong><br><br><\/p>\n\n\n\n<p><\/p>\n<\/div>\n\n\n\n<div class=\"wp-block-column is-layout-flow wp-block-column-is-layout-flow\">\n<figure class=\"wp-block-image size-full is-resized\"><img loading=\"lazy\" decoding=\"async\" width=\"285\" height=\"112\" src=\"https:\/\/www.bildungsberatung-vorarlberg.at\/wordpress\/wp-content\/uploads\/2025\/06\/femail.gif\" alt=\"\" class=\"wp-image-90\" style=\"width:180px\"\/><\/figure>\n\n\n\n<p><strong>femail<br>Vorarlberg<br><\/strong>Schlo\u00dfgraben 10<br>6800 Feldkirch<br><strong>T<\/strong>&nbsp;05522 31002<br><strong>E&nbsp;<small><a href=\"mailto:info@femail.at\">info@femail.at<\/a><\/small><\/strong><\/p>\n<\/div>\n<\/div>\n\n\n<p><!-- 9. FOOTER mit Links:  NICHT \u00c4NDERN --------------------------------------------><\/p>\n<p><figure class=\"wp-first-image size-full\"><img decoding=\"async\" src=\"https:\/\/www.bildungsberatung-vorarlberg.at\/wordpress\/wp-content\/uploads\/2025\/08\/footer.png\" alt=\"\" class=\"wp-image-96\" alt=\"Footer\" title=\"Footer\" usemap=\"#m_footermap\"\/><\/figure>\n<map name=\"m_footermap\" id=\"m_footermap\">\n<area shape=\"rect\" coords=\"178,38,335,154\" alt=\"Bildungsberatung \u00d6sterreich, Netzwerk Vorarlberg\" title=\"Bildungsberatung \u00d6sterreich, Netzwerk Vorarlberg\" \/>\n<area shape=\"rect\" coords=\"415,41,625,61\" href=\"#beratung\" alt=\"\" \/>\n<area shape=\"rect\" coords=\"417,64,598,83\" href=\"#kompetenz\" alt=\"\" \/>\n<area shape=\"rect\" coords=\"417,85,602,105\" href=\"#migrantinnen\" alt=\"\" \/>\n<area shape=\"rect\" coords=\"417,109,564,126\" href=\"#telefonberatung\" alt=\"\" \/>\n<area shape=\"rect\" coords=\"419,128,560,149\" href=\"#netzwerkpartner\" alt=\"\" \/>\n<area shape=\"rect\" coords=\"698,41,770,63\" href=\"downloads\/kontakt.pdf\" target=\"_blank\" alt=\"Kontakt\" title=\"Kontakt\"\/>\n<area shape=\"rect\" coords=\"700,65,784,82\" href=\"downloads\/impressum.pdf\" target=\"_blank\" alt=\"Impressum\" title=\"Impressum\"\/>\n<area shape=\"rect\" coords=\"700,89,784,101\" href=\" https:\/\/www.bifo.at\/fileadmin\/user_upload\/PDF\/Kontakt\/DatenschutzerklaerungBIFO.pdf\" target=\"_blank\" alt=\"Datenschutz\" title=\"Datenschutz\"\/>\n<area shape=\"rect\" coords=\"929,34,1253,104\" href=\"http:\/\/erwachsenenbildung.at\/bildungsinfo\/orientierung\/bildungsberatung.php\" target=\"_blank\" alt=\"Bildungsberatung \u00d6sterreich, Netzwerk Vorarlberg\" title=\"Bildungsberatung \u00d6sterreich, Netzwerk Vorarlberg\" \/>\n<area shape=\"rect\" coords=\"428,254,528,320\" href=\"https:\/\/www.bmbf.gv.at\/\" target=\"_blank\" alt=\"Bundesministerium f\u00fcr Bildung und Frauen\" title=\"Bundesministerium f\u00fcr Bildung und Frauen\"\/>\n<area shape=\"rect\" coords=\"531,255,737,321\" href=\"http:\/\/www.esf.at\/esf\/\" target=\"_blank\" alt=\"Europ\u00e4ischer Sozialfonds\" title=\"Europ\u00e4ischer Sozialfonds\"\/>\n<area shape=\"rect\" coords=\"660,255,811,320\" href=\"http:\/\/www.vorarlberg.at\/\" target=\"_blank\" alt=\"Vorarlberg\" title=\"Vorarlberg\"\/>\n<area shape=\"rect\" coords=\"929,268,1055,322\" href=\"http:\/\/www.bifo.at\" target=\"_blank\" alt=\"BIFO\" title=\"BIFO\"\/>\n<area shape=\"rect\" coords=\"1068,267,1214,323\" href=\"http:\/\/www.wkv.at\" target=\"_blank\" alt=\"Wirtschaftskammer Vorarlberg\" title=\"Wirtschaftskammer Vorarlberg\" \/>\n<area shape=\"rect\" coords=\"1226,267,1317,325\" href=\"http:\/\/vbg.arbeiterkammer.at\" target=\"_blank\" alt=\"Arbeiterkammer Vorarlberg\" title=\"Arbeiterkammer Vorarlberg\"\/>\n<area shape=\"rect\" coords=\"1328,267,1460,325\" href=\"http:\/\/www.ams.at\/vbg\/\" target=\"_blank\" alt=\"Arbeitsmarktservice Vorarlberg\" title=\"Arbeitsmarktservice Vorarlberg\"\/>\n<area shape=\"rect\" coords=\"1473,267,1608,340\" href=\"http:\/\/www.femail.at\/\" target=\"_blank\" alt=\"FEMAIL\" title=\"FEMAIL\" \/>\n<area shape=\"rect\" coords=\"1586,2,1687,89\" href=\"#top\" alt=\"Top\" \/>\n<area shape=\"rect\" coords=\"245,277,286,297\" href=\"https:\/\/www.bmbf.gv.at\/\" target=\"_blank\" alt=\"Bundesministerium f\u00fcr Bildung und Frauen\" title=\"Bundesministerium f\u00fcr Bildung und Frauen\"\/>\n<area shape=\"rect\" coords=\"290,277,316,297\" href=\"http:\/\/www.esf.at\/\" target=\"_blank\" alt=\"Europ\u00e4ischer Sozialfonds in \u00d6sterreich\" title=\"Europ\u00e4ischer Sozialfonds in \u00d6sterreich\" \/>\n<area shape=\"rect\" coords=\"379,279,419,298\" href=\"http:\/\/www.vorarlberg.at\/\" target=\"_blank\" alt=\"Vorarlberg\" title=\"Vorarlberg\"\/>\n<area shape=\"rect\" coords=\"178,301,255,321\" href=\"http:\/\/www.vorarlberg.at\/\" target=\"_blank\" alt=\"Vorarlberg\" title=\"Vorarlberg\"\/>\n<area shape=\"rect\" coords=\"178,202,363,221\" href=\"downloads\/barrierefreiheit.pdf\" target=\"_blank\" alt=\"\" title=\"\"\/>\n<\/map>\n<p><!-- Notwendige Javascripts ---------------------------------------------><br \/>\n    <script src=\"js\/jquery.js\"><\/script><br \/>\n    <script src=\"js\/frontstyle.js\"><\/script><br \/>\n    <script type=\"text\/javascript\" src=\"js\/imageMapResizer.min.js\"><\/script><\/p>\n<p><\/script><\/p>","protected":false},"excerpt":{"rendered":"","protected":false},"author":1,"featured_media":0,"parent":0,"menu_order":0,"comment_status":"closed","ping_status":"closed","template":"","meta":{"footnotes":""},"class_list":["post-7","page","type-page","status-publish","hentry"],"_links":{"self":[{"href":"https:\/\/www.bildungsberatung-vorarlberg.at\/wordpress\/index.php?rest_route=\/wp\/v2\/pages\/7","targetHints":{"allow":["GET"]}}],"collection":[{"href":"https:\/\/www.bildungsberatung-vorarlberg.at\/wordpress\/index.php?rest_route=\/wp\/v2\/pages"}],"about":[{"href":"https:\/\/www.bildungsberatung-vorarlberg.at\/wordpress\/index.php?rest_route=\/wp\/v2\/types\/page"}],"author":[{"embeddable":true,"href":"https:\/\/www.bildungsberatung-vorarlberg.at\/wordpress\/index.php?rest_route=\/wp\/v2\/users\/1"}],"replies":[{"embeddable":true,"href":"https:\/\/www.bildungsberatung-vorarlberg.at\/wordpress\/index.php?rest_route=%2Fwp%2Fv2%2Fcomments&post=7"}],"version-history":[{"count":411,"href":"https:\/\/www.bildungsberatung-vorarlberg.at\/wordpress\/index.php?rest_route=\/wp\/v2\/pages\/7\/revisions"}],"predecessor-version":[{"id":718,"href":"https:\/\/www.bildungsberatung-vorarlberg.at\/wordpress\/index.php?rest_route=\/wp\/v2\/pages\/7\/revisions\/718"}],"wp:attachment":[{"href":"https:\/\/www.bildungsberatung-vorarlberg.at\/wordpress\/index.php?rest_route=%2Fwp%2Fv2%2Fmedia&parent=7"}],"curies":[{"name":"wp","href":"https:\/\/api.w.org\/{rel}","templated":true}]}}